{"id":687,"date":"2021-02-05T11:30:37","date_gmt":"2021-02-05T10:30:37","guid":{"rendered":"https:\/\/www.musterpage.ch\/init7\/dev\/home\/"},"modified":"2024-04-24T08:19:19","modified_gmt":"2024-04-24T06:19:19","slug":"home-2","status":"publish","type":"page","link":"https:\/\/blog.init7.net\/fr\/","title":{"rendered":"Home"},"content":{"rendered":"\r\n\r\n<section id=\"res-header-image-block_51e7e148eb3abb2ed0e132bc8f17bb13\" class=\"res-block res-header-image blog-header alignfull\">\r\n  <div class=\"res-header-img-outside mb-1\" data-aos=\"res-downIncoming\">\r\n\t<div class=\"res-header-height\">\r\n\t\t\r\n\t\r\n\t  <style> \r\n\t\t  @media only screen and (min-width: 970px) {\r\n\t\t\t #res-header-image-block_51e7e148eb3abb2ed0e132bc8f17bb13 .layout-1.header-img-height { height: 50vh;} \r\n\t\t\t #res-header-image-block_51e7e148eb3abb2ed0e132bc8f17bb13 .layout-1 .res-header-image-vertical-center { bottom: 0%;}\r\n\t\t\t   \r\n\t\t\t  \t\t  }\r\n\t\t  @media only screen and (max-width: 970px) {  \r\n\t\t\t#res-header-image-block_51e7e148eb3abb2ed0e132bc8f17bb13 .header-img-height { height: 70vh;}\r\n\t\t\t#res-header-image-block_51e7e148eb3abb2ed0e132bc8f17bb13 .res-header-image-vertical-center { bottom: 0%;}\r\n\t\t\t    \r\n\t\t\t   \r\n\t\t  }\r\n\t\t   \r\n\t\t\t  @media only screen and (min-width: 1280px) {\r\n\t\t\t\t#res-header-image-block_51e7e148eb3abb2ed0e132bc8f17bb13.res-header-image .layout-1 h1 {font-size: 190%; line-height: 105%;}\t\t\t\t#res-header-image-block_51e7e148eb3abb2ed0e132bc8f17bb13.res-header-image .layout-1 h2 {font-size: 180%; line-height: 105%;} \r\n\t\t\t\t#res-header-image-block_51e7e148eb3abb2ed0e132bc8f17bb13.res-header-image .layout-1 h3 {font-size: 90%; line-height: 140%;} \t\t\t  }   \r\n\t\t \t  <\/style> \r\n\t\t\r\n\t  <div class=\"layout-1 jarallax header-img-height\" data-speed=\"0.6\" style=\"background-color: #000;\">\r\n\t\t  \r\n\t\t  \r\n\t\t  \r\n\t\t\t\t<div class=\"res-header-image-vertical-center text-box\">\r\n\t\t\t\t\t<div class=\"container\">\r\n\t\t\t\t\t\t\r\n\t\t\t\t\t\t<div class=\"sloganBox \">\r\n                           <div class=\"row\">\r\n                             <div class=\"col col-md-12 text-left\" data-aos=\"res-downIncoming\">\r\n\t\t\t\t\t\t\t\t \r\n                                \t\r\n\t\t\t\t\t\t\t\t \r\n                                  \r\n\t\t\t\t\t\t\t\t \t<h2>Init7 Blog<\/h2>\r\n                                \t\t\t\t\t\t\t\t \r\n                                                                   <h3>Bienvenue sur le blog sur Internet !<\/h3>\r\n                                \t\r\n\t\t\t\t\t\t\t\t \r\n\t\t\t\t\t\t\t\t\t\r\n\r\n\t\t\t\t\t\t\t\t \r\n\r\n\t\t\t\t                 <\/div>\r\n\t\t\t\t\t\t\t<\/div>\r\n\t\t\t\t\t\t<\/div>\r\n\r\n\t\t\t\t\t<\/div>\r\n\t\t\t\t<\/div>\r\n\t\t  \t\t\t\t\r\n                                            <img decoding=\"async\" class=\"jarallax-img img-fluid\" src=\"https:\/\/blog.init7.net\/wp-content\/uploads\/2021\/02\/Ladezeitbild-1-1920x1080.jpg\"  style=\"opacity: 0.9;\" alt=\"\"\/>\r\n                    \t\t  \r\n\t\t\t\t\t\r\n\t\t  <\/div>\r\n\r\n\t \r\n\t\t    \r\n\t\t<\/div>\r\n\t<\/div>\r\n<\/section>\t\n\n\r\n<section id=\"res-boxes-block_bfc55d1e91c52e9044aa2158bf5ab4a5\" class=\"res-block res-boxes layout03 py-2\" style=\"background: transparent;\">\r\n  <div class=\"inner-container container-off\" >\r\n\t  \r\n\t\r\n\t  <style>\r\n\t\t @media only screen and (min-width: 970px) {\r\n\/*\t\t  #res-boxes-block_bfc55d1e91c52e9044aa2158bf5ab4a5.res-boxes .box-inner {margin-right: 5%;}*\/\r\n\t \t\t\t\t \r\n\t\t  }  \r\n\t  <\/style> \r\n\t  \r\n\t  <div class=\"layout-3 row row-cols-1 row-cols-md-2 no-gutters\">\t  \r\n\t\t  \r\n\t\t\t\t\t  \r\n\t\t\t<div class=\"col-md box-col mb-3 mb-md-3 \" data-aos=\"res-fadeIn\">\r\n\t\t\t\t<div class=\"box-inner h-100 flatbox\">\r\n\t\t\t\t\t\r\n\t\t\t\t\r\n\t\t\r\n\t\t\t\t<div class=\"postBox text-left h-100 \">  \r\n\t\t\t\t\t<div class=\"post-inner-box\">\r\n\t\t\t\t\t\t\t\t\t\t\t<a class=\"d-none d-sm-block\" href=\"https:\/\/blog.init7.net\/fr\/leconomie-du-secteur-des-telecommunications\/\" target=\"_parent\">\r\n\t\t\t\t\t\t<div class=\"postImg mb-1 ml-sm-2 overflow-hidden\">\r\n\t\t\t\t\t\t\t<img decoding=\"async\" class=\"img-fluid w-100 \" src=\"https:\/\/blog.init7.net\/wp-content\/uploads\/2026\/02\/Headliners-800x800.png\" alt=\"\" \/>\r\n\t\t\t\t\t\t<\/div>\r\n\t\t\t\t\t\t<\/a>\r\n\t\t\t\t\t\t  \t\t\t\t\t\t\t\t\t\t\r\n\t\t\t\t\t\t<div class=\"postContent w-100\">\r\n\t\t\t\t\t\t\t\r\n\t\t\t\t\t\t<div class=\"top_content\">\r\n\t\t\t\t\t\t<div class=\"the_date\">27 f\u00e9vrier 2026<\/div>\r\n\t\t\t\t\t\t<\/div>\r\n\t\t\t\t\t\t\t\t<a href=\"https:\/\/blog.init7.net\/fr\/leconomie-du-secteur-des-telecommunications\/\" target=\"_parent\">\r\n\t\t\t\t\t\t\t \r\n\t\t\t\t\t\t\t\t<h2 class=\"mt-1 mb-2\">L&rsquo;\u00e9conomie du secteur des t\u00e9l\u00e9communications<\/h2>\r\n\t\t\t\t\t\t\t\r\n\t\t\t\t\t\t\t\r\n\t\t\t\t\t\t\t\t\t\r\n\t\t\t\t\t\t\t\r\n\t\t\t\t\t\t\t\r\n\t\t\t\t\t\t\t\t\t\t\t\t\t\t<div class=\"box-text text-auszug\">\r\n\t\t\t\t\t\t\t\t<h6><p>Concurrence, r\u00e9glementation et rendement : comment fonctionne r\u00e9ellement le secteur des t\u00e9l\u00e9communications ? Pourquoi le principe \u00ab le march\u00e9 r\u00e9gule tout \u00bb ne s&rsquo;applique que partiellement au march\u00e9 des t\u00e9l\u00e9communications, comment les avantages historiques de l&rsquo;ancien monopole Swisscom continuent d&rsquo;avoir un impact aujourd&rsquo;hui et pourquoi une v\u00e9ritable concurrence ne peut fonctionner sans r\u00e8gles claires.<\/p>\n<\/h6>\r\n\t\t\t\t\t\t\t<\/div>\r\n\t\t\t\t\t\t\t\t\t\t\t\t\t\t\t\t<a class=\"d-block d-sm-none\" href=\"https:\/\/blog.init7.net\/fr\/leconomie-du-secteur-des-telecommunications\/\" target=\"_parent\">\r\n\t\t\t\t\t\t<div class=\"postImg mb-1 ml-sm-2 overflow-hidden\">\r\n\t\t\t\t\t\t\t<img decoding=\"async\" class=\"img-fluid w-100 \" src=\"https:\/\/blog.init7.net\/wp-content\/uploads\/2026\/02\/Headliners-800x800.png\" alt=\"\" \/>\r\n\t\t\t\t\t\t<\/div>\r\n\t\t\t\t\t\t<\/a>\r\n\t\t\t\t\t\t  \t\t\t\t\t\t\t\t\t\r\n\t\t\t\t\t\t\t\r\n\t\t\t\t\t\t\t\t\r\n\t\t\t\t\t\t\t\t\t\r\n\t\t\t\t\t\t\t<\/a>\r\n\t\t\t\t\t\t<\/div>\r\n\t\t\t\t\t\t<\/div>\r\n\t\t\t\t\t\t\t\t\t\t\t\t\t\t\t<a href=\"https:\/\/blog.init7.net\/fr\/leconomie-du-secteur-des-telecommunications\/\" class=\"btn  btn-sm btn-outline\"> lire l&rsquo;article<\/a>\r\n\t\t\t\t\t\t\t\t\t\r\n\r\n\t\t\t\t<\/div>\r\n\t\t\t\t\t\t\t\r\n\t\t\t\t\r\n\t\t\t\t\t\r\n\t\t\t<\/div>\t\r\n\t\t\t<\/div>\r\n\t\t \r\n\t  \r\n\t  \r\n\t\t\t\t\t\t\t  \r\n\t\t\t<div class=\"col-md box-col mb-3 mb-md-3 \" data-aos=\"res-fadeIn\">\r\n\t\t\t\t<div class=\"box-inner h-100 flatbox\">\r\n\t\t\t\t\t\r\n\t\t\t\t\r\n\t\t\r\n\t\t\t\t<div class=\"postBox text-left h-100 \">  \r\n\t\t\t\t\t<div class=\"post-inner-box\">\r\n\t\t\t\t\t\t\t\t\t\t\t<a class=\"d-none d-sm-block\" href=\"https:\/\/blog.init7.net\/fr\/la-construction-de-reseaux-ftth-en-fibre-optique-du-point-de-vue-des-proprietaires-immobiliers\/\" target=\"_parent\">\r\n\t\t\t\t\t\t<div class=\"postImg mb-1 ml-sm-2 overflow-hidden\">\r\n\t\t\t\t\t\t\t<img decoding=\"async\" class=\"img-fluid w-100 \" src=\"https:\/\/blog.init7.net\/wp-content\/uploads\/2025\/12\/OTO-NL-Dez25-800x800.png\" alt=\"\" \/>\r\n\t\t\t\t\t\t<\/div>\r\n\t\t\t\t\t\t<\/a>\r\n\t\t\t\t\t\t  \t\t\t\t\t\t\t\t\t\t\r\n\t\t\t\t\t\t<div class=\"postContent w-100\">\r\n\t\t\t\t\t\t\t\r\n\t\t\t\t\t\t<div class=\"top_content\">\r\n\t\t\t\t\t\t<div class=\"the_date\">17 d\u00e9cembre 2025<\/div>\r\n\t\t\t\t\t\t<\/div>\r\n\t\t\t\t\t\t\t\t<a href=\"https:\/\/blog.init7.net\/fr\/la-construction-de-reseaux-ftth-en-fibre-optique-du-point-de-vue-des-proprietaires-immobiliers\/\" target=\"_parent\">\r\n\t\t\t\t\t\t\t \r\n\t\t\t\t\t\t\t\t<h2 class=\"mt-1 mb-2\">La construction de r\u00e9seaux FTTH en fibre optique du point de vue des propri\u00e9taires immobiliers<\/h2>\r\n\t\t\t\t\t\t\t\r\n\t\t\t\t\t\t\t\r\n\t\t\t\t\t\t\t\t\t\r\n\t\t\t\t\t\t\t\r\n\t\t\t\t\t\t\t\r\n\t\t\t\t\t\t\t\t\t\t\t\t\t\t<div class=\"box-text text-auszug\">\r\n\t\t\t\t\t\t\t\t<h6><p>Depuis plus de 15 ans maintenant, les immeubles r\u00e9sidentiels et commerciaux en Suisse sont \u00e9quip\u00e9s de la fibre optique FTTH. Apr\u00e8s un scepticisme initial de la part de certains propri\u00e9taires, l&rsquo;id\u00e9e selon laquelle la FTTH n&rsquo;est pas un simple plus, mais une n\u00e9cessit\u00e9 pour les locataires s&rsquo;est d\u00e9sormais impos\u00e9e. Un bien immobilier \u00e9quip\u00e9 de la FTTH a tout simplement plus de valeur qu&rsquo;un bien qui ne l&rsquo;est pas.<\/p>\n<\/h6>\r\n\t\t\t\t\t\t\t<\/div>\r\n\t\t\t\t\t\t\t\t\t\t\t\t\t\t\t\t<a class=\"d-block d-sm-none\" href=\"https:\/\/blog.init7.net\/fr\/la-construction-de-reseaux-ftth-en-fibre-optique-du-point-de-vue-des-proprietaires-immobiliers\/\" target=\"_parent\">\r\n\t\t\t\t\t\t<div class=\"postImg mb-1 ml-sm-2 overflow-hidden\">\r\n\t\t\t\t\t\t\t<img decoding=\"async\" class=\"img-fluid w-100 \" src=\"https:\/\/blog.init7.net\/wp-content\/uploads\/2025\/12\/OTO-NL-Dez25-800x800.png\" alt=\"\" \/>\r\n\t\t\t\t\t\t<\/div>\r\n\t\t\t\t\t\t<\/a>\r\n\t\t\t\t\t\t  \t\t\t\t\t\t\t\t\t\r\n\t\t\t\t\t\t\t\r\n\t\t\t\t\t\t\t\t\r\n\t\t\t\t\t\t\t\t\t\r\n\t\t\t\t\t\t\t<\/a>\r\n\t\t\t\t\t\t<\/div>\r\n\t\t\t\t\t\t<\/div>\r\n\t\t\t\t\t\t\t\t\t\t\t\t\t\t\t<a href=\"https:\/\/blog.init7.net\/fr\/la-construction-de-reseaux-ftth-en-fibre-optique-du-point-de-vue-des-proprietaires-immobiliers\/\" class=\"btn  btn-sm btn-outline\"> lire l&rsquo;article<\/a>\r\n\t\t\t\t\t\t\t\t\t\r\n\r\n\t\t\t\t<\/div>\r\n\t\t\t\t\t\t\t\r\n\t\t\t\t\r\n\t\t\t\t\t\r\n\t\t\t<\/div>\t\r\n\t\t\t<\/div>\r\n\t\t \r\n\t  \r\n\t  \r\n\t\t\t\t\t\t  \r\n <\/div>\r\n\t\t  \r\n\t  \r\n\t  \r\n\t \r\n\r\n\r\n\t<\/div>\r\n<\/section>\r\n\r\n\n\n\r\n<section id=\"res-boxes-block_4b4d87992c7b7c42ef06f22e6e0dd9f2\" class=\"res-block res-boxes layout02 p-no\" style=\"background: transparent;\">\r\n  <div class=\"inner-container container-off\" >\r\n\t  \r\n\t\r\n\t  <style>\r\n\t\t @media only screen and (min-width: 970px) {\r\n\/*\t\t  #res-boxes-block_4b4d87992c7b7c42ef06f22e6e0dd9f2.res-boxes .box-inner {margin-right: 10%;}*\/\r\n\t \t\t\t\t \r\n\t\t  }  \r\n\t  <\/style> \r\n\t  \r\n\t  <div class=\"layout-2 row row-cols-1 row-cols-md-2 row-cols-lg-4 no-gutters\">\t  \r\n\t\t  \r\n\t\t\t\t\t  \r\n\t\t\t<div class=\"col-md box-col mb-3  mb-md-3 \" data-aos=\"res-fadeIn\">\r\n\t\t\t\t<div class=\"box-inner h-100 flatbox\">\r\n\t\t\t\t\t\r\n\t\t\t\t\r\n\t\t\r\n\t\t\t\t<div class=\"postBox text-left h-100 \">  \r\n\t\t\t\t\t\r\n\t\t\t\t\t\t\t\t\t\t\t<a href=\"https:\/\/blog.init7.net\/fr\/geoip-ou-comment-internet-connait-votre-localisation\/\" target=\"_parent\">\r\n\t\t\t\t\t\t<div class=\"postImg mb-1 overflow-hidden\">\r\n\t\t\t\t\t\t\t<img decoding=\"async\" class=\"img-fluid w-100 \" src=\"https:\/\/blog.init7.net\/wp-content\/uploads\/2025\/09\/National-Map-Zurich-1959-DE-1000x550.jpg\" alt=\"\" \/>\r\n\t\t\t\t\t\t<\/div>\r\n\t\t\t\t\t<\/a>\r\n\t\t\t\t\t\t  \t\t\t\t\t\t\t\t\t\t\r\n\t\t\t\t\t\t<div class=\"postContent w-100 pt-1 pt-md-1\">\r\n\t\t\t\t\t\t\t\t\t\t\t\t\t<div class=\"top_content\">\r\n\t\t\t\t\t\t\t<div class=\"the_date\">25 septembre 2025<\/div>\r\n\t\t\t\t\t\t<\/div>\r\n\t\t\t\t\t\t\t<a href=\"https:\/\/blog.init7.net\/fr\/geoip-ou-comment-internet-connait-votre-localisation\/\" target=\"_parent\">\r\n\t\t\t\t\t\t\t\r\n\t\t\t\t\t\t\t\t\t\t\t\t\t\t\t<h3 class=\"mt-1 mb-2\">GeoIP ou comment Internet conna\u00eet votre localisation<\/h3>\r\n\t\t\t\t\t\t\t\r\n\t\t\t\t\t\t\t\t\t\r\n\t\t\t\t\t\t\t\r\n\t\t\t\t\t\t\t\r\n\t\t\t\t\t\t\t\t\t\t\t\t\t\t<div class=\"box-text text-auszug\">\r\n\t\t\t\t\t\t\t\t<h6><p>Il est bien connu qu\u2019il existe d\u2019innombrables applications capables d\u2019analyser et d\u2019afficher la position des utilisateurs \u00e0 partir des donn\u00e9es GPS. C\u2019est notamment le cas de Google Maps, des syst\u00e8mes de navigation dans les v\u00e9hicules ou d\u2019applications de randonn\u00e9e telles que Swisstopo. Les applications de transports publics, comme FAIRTIQ ou EasyRide, qui garantissent une facturation correcte des billets, en font \u00e9galement partie.<\/p>\n<\/h6>\r\n\t\t\t\t\t\t\t<\/div>\r\n\t\t\t\t\t\t\t\t\t\t\t\t\t\t\r\n\t\t\t\t\t\t\t\t\r\n\t\t\t\t\t\t\t\r\n\t\t\t\t\t\t\t\t\t\t\t\r\n\t\t\t\t\t\t\t<\/a>\r\n\t\t\t\t\t\t<\/div>\r\n\r\n\t\t\t\t<\/div>\r\n\t\t\t\t\t\t\t\r\n\t\t\t\t\r\n\t\t\t\t\t\r\n\t\t\t<\/div>\t\r\n\t\t\t<\/div>\r\n\t  \r\n\t  \r\n\t\t\t\t\t\t\t  \r\n\t\t\t<div class=\"col-md box-col mb-3  mb-md-3 \" data-aos=\"res-fadeIn\">\r\n\t\t\t\t<div class=\"box-inner h-100 flatbox\">\r\n\t\t\t\t\t\r\n\t\t\t\t\r\n\t\t\r\n\t\t\t\t<div class=\"postBox text-left h-100 \">  \r\n\t\t\t\t\t\r\n\t\t\t\t\t\t\t\t\t\t\t<a href=\"https:\/\/blog.init7.net\/fr\/ueberwachung-im-internet\/\" target=\"_parent\">\r\n\t\t\t\t\t\t<div class=\"postImg mb-1 overflow-hidden\">\r\n\t\t\t\t\t\t\t<img decoding=\"async\" class=\"img-fluid w-100 \" src=\"https:\/\/blog.init7.net\/wp-content\/uploads\/2022\/02\/spying-g1285315fb_640-1000x550.jpg\" alt=\"\" \/>\r\n\t\t\t\t\t\t<\/div>\r\n\t\t\t\t\t<\/a>\r\n\t\t\t\t\t\t  \t\t\t\t\t\t\t\t\t\t\r\n\t\t\t\t\t\t<div class=\"postContent w-100 pt-1 pt-md-1\">\r\n\t\t\t\t\t\t\t\t\t\t\t\t\t<div class=\"top_content\">\r\n\t\t\t\t\t\t\t<div class=\"the_date\">20 juin 2025<\/div>\r\n\t\t\t\t\t\t<\/div>\r\n\t\t\t\t\t\t\t<a href=\"https:\/\/blog.init7.net\/fr\/ueberwachung-im-internet\/\" target=\"_parent\">\r\n\t\t\t\t\t\t\t\r\n\t\t\t\t\t\t\t\t\t\t\t\t\t\t\t<h3 class=\"mt-1 mb-2\">Surveillance sur Internet\u00a0: qui les autorit\u00e9s peuvent-elles surveiller et quand\u00a0?<\/h3>\r\n\t\t\t\t\t\t\t\r\n\t\t\t\t\t\t\t\t\t\r\n\t\t\t\t\t\t\t\r\n\t\t\t\t\t\t\t\r\n\t\t\t\t\t\t\t\t\t\t\t\t\t\t<div class=\"box-text text-auszug\">\r\n\t\t\t\t\t\t\t\t<h6><p>Les autorit\u00e9s de poursuite p\u00e9nale peuvent surveiller des personnes dans le cadre de leurs enqu\u00eates. Dans ces cas, les fournisseurs d&rsquo;acc\u00e8s \u00e0 Internet doivent fournir des informations aux autorit\u00e9s. En 2021, Init7 a r\u00e9pondu \u00e0 80 demandes de ce type. Et ce nombre ne cesse d&rsquo;augmenter.<\/p>\n<\/h6>\r\n\t\t\t\t\t\t\t<\/div>\r\n\t\t\t\t\t\t\t\t\t\t\t\t\t\t\r\n\t\t\t\t\t\t\t\t\r\n\t\t\t\t\t\t\t\r\n\t\t\t\t\t\t\t\t\t\t\t\r\n\t\t\t\t\t\t\t<\/a>\r\n\t\t\t\t\t\t<\/div>\r\n\r\n\t\t\t\t<\/div>\r\n\t\t\t\t\t\t\t\r\n\t\t\t\t\r\n\t\t\t\t\t\r\n\t\t\t<\/div>\t\r\n\t\t\t<\/div>\r\n\t  \r\n\t  \r\n\t\t\t\t\t\t\t  \r\n\t\t\t<div class=\"col-md box-col mb-3  mb-md-3 \" data-aos=\"res-fadeIn\">\r\n\t\t\t\t<div class=\"box-inner h-100 flatbox\">\r\n\t\t\t\t\t\r\n\t\t\t\t\r\n\t\t\r\n\t\t\t\t<div class=\"postBox text-left h-100 \">  \r\n\t\t\t\t\t\r\n\t\t\t\t\t\t\t\t\t\t\t<a href=\"https:\/\/blog.init7.net\/fr\/quand-le-wi-fi-fait-des-siennes\/\" target=\"_parent\">\r\n\t\t\t\t\t\t<div class=\"postImg mb-1 overflow-hidden\">\r\n\t\t\t\t\t\t\t<img decoding=\"async\" class=\"img-fluid w-100 \" src=\"https:\/\/blog.init7.net\/wp-content\/uploads\/2025\/04\/Wlna-1000x550.png\" alt=\"\" \/>\r\n\t\t\t\t\t\t<\/div>\r\n\t\t\t\t\t<\/a>\r\n\t\t\t\t\t\t  \t\t\t\t\t\t\t\t\t\t\r\n\t\t\t\t\t\t<div class=\"postContent w-100 pt-1 pt-md-1\">\r\n\t\t\t\t\t\t\t\t\t\t\t\t\t<div class=\"top_content\">\r\n\t\t\t\t\t\t\t<div class=\"the_date\">4 avril 2025<\/div>\r\n\t\t\t\t\t\t<\/div>\r\n\t\t\t\t\t\t\t<a href=\"https:\/\/blog.init7.net\/fr\/quand-le-wi-fi-fait-des-siennes\/\" target=\"_parent\">\r\n\t\t\t\t\t\t\t\r\n\t\t\t\t\t\t\t\t\t\t\t\t\t\t\t<h3 class=\"mt-1 mb-2\">Quand le Wi-Fi fait des siennes<\/h3>\r\n\t\t\t\t\t\t\t\r\n\t\t\t\t\t\t\t\t\t\r\n\t\t\t\t\t\t\t\r\n\t\t\t\t\t\t\t\r\n\t\t\t\t\t\t\t\t\t\t\t\t\t\t<div class=\"box-text text-auszug\">\r\n\t\t\t\t\t\t\t\t<h6><p>Pour la plupart des foyers, le Wi-Fi est le moyen de pr\u00e9dilection pour connecter leurs appareils au r\u00e9seau Internet. Le nombre d\u2019appareils connect\u00e9s par foyer ne cesse d\u2019augmenter, et avec lui, les exigences de chacun envers notre connexion sans fil.<\/p>\n<\/h6>\r\n\t\t\t\t\t\t\t<\/div>\r\n\t\t\t\t\t\t\t\t\t\t\t\t\t\t\r\n\t\t\t\t\t\t\t\t\r\n\t\t\t\t\t\t\t\r\n\t\t\t\t\t\t\t\t\t\t\t\r\n\t\t\t\t\t\t\t<\/a>\r\n\t\t\t\t\t\t<\/div>\r\n\r\n\t\t\t\t<\/div>\r\n\t\t\t\t\t\t\t\r\n\t\t\t\t\r\n\t\t\t\t\t\r\n\t\t\t<\/div>\t\r\n\t\t\t<\/div>\r\n\t  \r\n\t  \r\n\t\t\t\t\t\t\t  \r\n\t\t\t<div class=\"col-md box-col mb-3  mb-md-3 \" data-aos=\"res-fadeIn\">\r\n\t\t\t\t<div class=\"box-inner h-100 flatbox\">\r\n\t\t\t\t\t\r\n\t\t\t\t\r\n\t\t\r\n\t\t\t\t<div class=\"postBox text-left h-100 \">  \r\n\t\t\t\t\t\r\n\t\t\t\t\t\t\t\t\t\t\t<a href=\"https:\/\/blog.init7.net\/fr\/le-marche-de-gros-de-linternet-en-suisse\/\" target=\"_parent\">\r\n\t\t\t\t\t\t<div class=\"postImg mb-1 overflow-hidden\">\r\n\t\t\t\t\t\t\t<img decoding=\"async\" class=\"img-fluid w-100 \" src=\"https:\/\/blog.init7.net\/wp-content\/uploads\/2025\/01\/IMG_0493-1000x550.jpg\" alt=\"\" \/>\r\n\t\t\t\t\t\t<\/div>\r\n\t\t\t\t\t<\/a>\r\n\t\t\t\t\t\t  \t\t\t\t\t\t\t\t\t\t\r\n\t\t\t\t\t\t<div class=\"postContent w-100 pt-1 pt-md-1\">\r\n\t\t\t\t\t\t\t\t\t\t\t\t\t<div class=\"top_content\">\r\n\t\t\t\t\t\t\t<div class=\"the_date\">22 janvier 2025<\/div>\r\n\t\t\t\t\t\t<\/div>\r\n\t\t\t\t\t\t\t<a href=\"https:\/\/blog.init7.net\/fr\/le-marche-de-gros-de-linternet-en-suisse\/\" target=\"_parent\">\r\n\t\t\t\t\t\t\t\r\n\t\t\t\t\t\t\t\t\t\t\t\t\t\t\t<h3 class=\"mt-1 mb-2\">Le march\u00e9 de gros de l&rsquo;Internet en Suisse<\/h3>\r\n\t\t\t\t\t\t\t\r\n\t\t\t\t\t\t\t\t\t\r\n\t\t\t\t\t\t\t\r\n\t\t\t\t\t\t\t\r\n\t\t\t\t\t\t\t\t\t\t\t\t\t\t<div class=\"box-text text-auszug\">\r\n\t\t\t\t\t\t\t\t<h6><p>En Suisse, la plupart des gens ach\u00e8tent un abonnement \u00e0 Internet sans se soucier de sa structure technique. Tout ce qui compte, c&rsquo;est une fibre optique rapide, un c\u00e2ble TV moyen ou &#8211; si rien de mieux n&rsquo;est disponible &#8211; une ligne de cuivre lente. Mais, comme c&rsquo;est souvent le cas dans la vie, ce n&rsquo;est pas la base id\u00e9ale pour prendre une d\u00e9cision.<\/p>\n<\/h6>\r\n\t\t\t\t\t\t\t<\/div>\r\n\t\t\t\t\t\t\t\t\t\t\t\t\t\t\r\n\t\t\t\t\t\t\t\t\r\n\t\t\t\t\t\t\t\r\n\t\t\t\t\t\t\t\t\t\t\t\r\n\t\t\t\t\t\t\t<\/a>\r\n\t\t\t\t\t\t<\/div>\r\n\r\n\t\t\t\t<\/div>\r\n\t\t\t\t\t\t\t\r\n\t\t\t\t\r\n\t\t\t\t\t\r\n\t\t\t<\/div>\t\r\n\t\t\t<\/div>\r\n\t  \r\n\t  \r\n\t\t\t\t\t\t  \r\n\t  \r\n\t\t  \r\n\t\t  \r\n\t\t  \r\n\t\t  \t \r\n\r\n\r\n\t<\/div>\r\n<\/section>\r\n\r\n\n\n\r\n<section id=\"res-btn-block_2047d64585605853d4fa431d5cba7c73\" class=\"res-block res-btn  pb-4\" style=\"background: transparent;\">\r\n  <div class=\"inner-container container-off\" >\r\n\r\n\t  \t\r\n\t  \r\n\t  \r\n\t\t<div class=\"d-inline-flex flex-column d-md-flex flex-md-row ausrichtung-btn justify-content-end\">\r\n\r\n\t\t\r\n\t\t\t<a class=\"btn  btn-sm btn-outline\" href=\"https:\/\/blog.init7.net\/fr\/alle\/\" target=\"_self\">afficher tous les messages<\/a>\r\n\r\n\t\t\t\t\t\t\t<\/div>\r\n\t\r\n\t<\/div>\r\n<\/section>\r\n\r\n","protected":false},"excerpt":{"rendered":"","protected":false},"author":1,"featured_media":0,"parent":0,"menu_order":0,"comment_status":"closed","ping_status":"closed","template":"","meta":{"_acf_changed":false,"footnotes":""},"class_list":["post-687","page","type-page","status-publish","hentry"],"acf":[],"_links":{"self":[{"href":"https:\/\/blog.init7.net\/fr\/wp-json\/wp\/v2\/pages\/687","targetHints":{"allow":["GET"]}}],"collection":[{"href":"https:\/\/blog.init7.net\/fr\/wp-json\/wp\/v2\/pages"}],"about":[{"href":"https:\/\/blog.init7.net\/fr\/wp-json\/wp\/v2\/types\/page"}],"author":[{"embeddable":true,"href":"https:\/\/blog.init7.net\/fr\/wp-json\/wp\/v2\/users\/1"}],"replies":[{"embeddable":true,"href":"https:\/\/blog.init7.net\/fr\/wp-json\/wp\/v2\/comments?post=687"}],"version-history":[{"count":55,"href":"https:\/\/blog.init7.net\/fr\/wp-json\/wp\/v2\/pages\/687\/revisions"}],"predecessor-version":[{"id":3492,"href":"https:\/\/blog.init7.net\/fr\/wp-json\/wp\/v2\/pages\/687\/revisions\/3492"}],"wp:attachment":[{"href":"https:\/\/blog.init7.net\/fr\/wp-json\/wp\/v2\/media?parent=687"}],"curies":[{"name":"wp","href":"https:\/\/api.w.org\/{rel}","templated":true}]}}